{"id":68,"date":"2021-05-06T23:51:46","date_gmt":"2021-05-06T21:51:46","guid":{"rendered":"http:\/\/letangauxpetitsoignons.org\/?page_id=68"},"modified":"2021-05-06T23:51:48","modified_gmt":"2021-05-06T21:51:48","slug":"organisation-de-lassociation","status":"publish","type":"page","link":"https:\/\/letangauxpetitsoignons.org\/index.php\/organisation-de-lassociation\/","title":{"rendered":"Organisation de l\u2019association"},"content":{"rendered":"\n<p><\/p>\n\n\n\n<p>L\u2019Etang Aux Petits Oignons est organis\u00e9e selon diverses instances, chacune occupant un r\u00f4le sp\u00e9cifique dans le fonctionnement de l\u2019association.<\/p>\n\n\n\n<figure class=\"wp-block-image size-large\"><img decoding=\"async\" loading=\"lazy\" width=\"525\" height=\"437\" src=\"https:\/\/i0.wp.com\/letangauxpetitsoignons.org\/wp-content\/uploads\/2021\/05\/orga-groupes.jpg?resize=525%2C437\" alt=\"\" class=\"wp-image-69\" srcset=\"https:\/\/i0.wp.com\/letangauxpetitsoignons.org\/wp-content\/uploads\/2021\/05\/orga-groupes.jpg?w=580&amp;ssl=1 580w, https:\/\/i0.wp.com\/letangauxpetitsoignons.org\/wp-content\/uploads\/2021\/05\/orga-groupes.jpg?resize=300%2C250&amp;ssl=1 300w\" sizes=\"(max-width: 525px) 100vw, 525px\" data-recalc-dims=\"1\" \/><\/figure>\n\n\n\n<p><strong><u>Le Collectif<\/u><\/strong><strong>&nbsp;<\/strong><\/p>\n\n\n\n<p>Le Collectif a pour r\u00f4le d\u2019animer le fonctionnement de l\u2019ensemble de l\u2019association et en particulier de coordonner et valider les travaux des diff\u00e9rents groupes de travail.<\/p>\n\n\n\n<p>Il est \u00e9galement l\u2019organe de d\u00e9cision majeur de l\u2019association et est investi des pouvoirs \u00e9tendus n\u00e9cessaires pour agir en toutes circonstances en son nom.<\/p>\n\n\n\n<p>L\u2019ensemble des membres de l\u2019Association s&rsquo;engage \u00e0 respecter les d\u00e9cisions prises par le Collectif.<\/p>\n\n\n\n<p>Le Collectif est \u00e9lu par l\u2019Assembl\u00e9e G\u00e9n\u00e9rale annuelle et est compos\u00e9, de fait, par l\u2019ensemble des amapien.ne.s investis dans le fonctionnement de l\u2019association.<\/p>\n\n\n\n<p>Le Collectif se r\u00e9unit au moins 4 fois par an, et chaque fois qu\u2019il est n\u00e9cessaire sur simple demande d\u2019un de ses membres.<\/p>\n\n\n\n<p>Lescomptes-rendus de r\u00e9unions sont diffus\u00e9s \u00e0 l&rsquo;ensemble des membres de l\u2019association.<\/p>\n\n\n\n<p><strong><u>Le Bureau<\/u><\/strong><strong><\/strong><\/p>\n\n\n\n<p>Le Collectif \u00e9lit en son sein un bureau compos\u00e9 de trois membres remplissant les r\u00f4les officiels suivants&nbsp;:<\/p>\n\n\n\n<ul><li>Pr\u00e9sident de l\u2019association<\/li><li>Tr\u00e9sorier de l\u2019association<\/li><li>Secr\u00e9taire&nbsp;de l\u2019association. Il en est aussi de facto le<strong> r\u00e9f\u00e9rent listes.<\/strong> A ce titre ilassure la tenue des listes des adh\u00e9rents de l\u2019association et la met \u00e0 disposition de l\u2019ensemble des membres du Collectif et des Groupes de travail.<\/li><\/ul>\n\n\n\n<p>Il g\u00e8re \u00e9galement la liste d&rsquo;attente.<\/p>\n\n\n\n<p><strong><u>Les Groupes<\/u><\/strong><\/p>\n\n\n\n<p>Diff\u00e9rents groupes de travail sont constitu\u00e9s. De taille variable, ils incluent au moins un membre du Collectif qui peut \u00eatre rejoint par tout adh\u00e9rent.<\/p>\n\n\n\n<p>Chaque groupe de travail poss\u00e8de une mission pr\u00e9cise mais est par ailleurs autonome et s\u2019organise comme il le souhaite pour la mener \u00e0 bien. Il peut par exemple se donner des objectifs, d\u00e9cider d\u2019avoir un r\u00e9f\u00e9rent ou non, organiser ses propres r\u00e9unions.<\/p>\n\n\n\n<p>Chaque Groupe rend compte de ses travaux au Collectif. Il peut par ce biais proposer des d\u00e9cisions qui seront soumises \u00e0 l\u2019approbation du Collectif.<\/p>\n\n\n\n<p>Une fois par an, en AG, chaque Groupe pourra pr\u00e9senter les grandes lignes de ses r\u00e9alisations.<\/p>\n\n\n\n<p><strong><u>Groupes du P\u00f4le Producteurs<\/u><\/strong><\/p>\n\n\n\n<p><strong><u>Groupe Producteur<\/u><\/strong><\/p>\n\n\n\n<p>Missions<\/p>\n\n\n\n<ul><li>D\u00e9finit les termes des contrats avec les producteurs (calendrier des dates de distribution, estimation du contenu des distributions, calcul du prix, des \u00e9ch\u00e9ances d&rsquo;encaissement des ch\u00e8ques).<\/li><li>Propose l&rsquo;abonnement \u00e0 chaque adh\u00e9rent.<\/li><li>Collecte les versements et les contrats, les v\u00e9rifie, et remet les ch\u00e8ques au producteur aux dates d&rsquo;\u00e9ch\u00e9ance choisies contractuellement.<\/li><li>Organise les diff\u00e9rentes manifestations qui ont lieu sur le lieu de production durant la saison : visites de d\u00e9but de saison, repas collectifs, aides diverses aux producteurs (d\u00e9sherbage, cueillette, entretien&#8230;).<\/li><li>Remonte les nouvelles du producteur au Collectif.<\/li><li>Transmet toutes les infos n\u00e9cessaires au Groupe communication.<\/li><li>Fournit la liste des contrats au groupe Distribution pour l\u2019\u00e9margement.<\/li><\/ul>\n\n\n\n<p>R\u00f4les sp\u00e9cifiques<\/p>\n\n\n\n<p>A chaque producteur est associ\u00e9 un ou 2 r\u00e9f\u00e9rents parmi les membres du Groupe.<\/p>\n\n\n\n<p><strong><u>Groupe Distribution<\/u><\/strong><\/p>\n\n\n\n<p>Missions<\/p>\n\n\n\n<ul><li>Tient un planning de roulement d\u00e9signant les responsables pour l\u2019accueil de chaque distribution.<\/li><li>Organise et affiche le tableau des permanences, v\u00e9rifie que tout le mat\u00e9riel n\u00e9cessaire est disponible (tables et tr\u00e9teaux, balances, ardoises, produits de nettoyage &#8230; ) et explique le d\u00e9roulement d&rsquo;une distribution aux novices.<\/li><li>S\u2019assure de la pr\u00e9sence d\u2019un nombre suffisant de membres de l\u2019association charg\u00e9s d\u2019aider les producteurs et d\u2019assurer le d\u00e9roulement de la distribution.<\/li><li>Demande \u00e0 chaque membre de s\u2019inscrire pour un nombre de distributions au moins \u00e9gal \u00e0 ceux stipul\u00e9s dans les contrats qu\u2019il a sign\u00e9s.<\/li><\/ul>\n\n\n\n<p><strong><u>Groupe Installation<\/u><\/strong><\/p>\n\n\n\n<p>Missions<\/p>\n\n\n\n<ul><li>Recherche des producteurs locaux, prend contact avec eux dans l\u2019optique d\u2019un \u00e9ventuel partenariat.<\/li><li>Favorise l&rsquo;installation d&rsquo;un ou plusieurs producteurs dans la r\u00e9gion de l\u2019Etang-la-Ville dans un d\u00e9lai de 3 \u00e0 5 ans.<\/li><\/ul>\n\n\n\n<p><strong><u>Groupes du P\u00f4le Communication<\/u><\/strong><strong><\/strong><\/p>\n\n\n\n<p><strong><u>Groupe Communication<\/u><\/strong><\/p>\n\n\n\n<p>Missions<\/p>\n\n\n\n<ul><li>Elabore la politique de communication qu\u2019il soumet au Collectif.<\/li><li>R\u00e9alise une plaquette de renseignements sur nos producteurs, sur notre association, sur le principe de fonctionnement des AMAP, pour les contacts ext\u00e9rieurs.<\/li><li>Facilite la circulation des informations au sein de l&rsquo;Association.<\/li><li>R\u00e9dige un bulletin pour tous les adh\u00e9rents.<\/li><li>G\u00e8re la messagerie \u00e9lectronique de l\u2019association (messages aux adh\u00e9rents et aux contacts ext\u00e9rieurs).<\/li><li>Maintient et met \u00e0 jour le site de l\u2019association.<\/li><li>R\u00e9dige ou coordonne la r\u00e9daction d\u2019articles pour les m\u00e9dias locaux.<\/li><li>Est fortement impliqu\u00e9 dans les stands et expositions.<\/li><\/ul>\n\n\n\n<p><strong><u>Groupe R\u00e9seau<\/u><\/strong><\/p>\n\n\n\n<p>Missions<\/p>\n\n\n\n<ul><li>S\u2019inscrit aupr\u00e8s d&rsquo;AMAP-IdF, participe \u00e0 son groupe de discussion. Il en fait redescendre les informations importantes au Collectif.<\/li><li>Fait remonter les informations importantes concernant l&rsquo;Association au niveau du r\u00e9seau.<\/li><li>D\u00e9velopper des relations avec les autres AMAP desservies par nos producteurs.<\/li><li>Participe au r\u00e9seau Inter-AMAP nord 78 et \u00e0 ses actions.<\/li><\/ul>\n\n\n\n<p><em>NB&nbsp;: Ce Groupe comprend 2 membres au maximum.<\/em><\/p>\n\n\n\n<p><strong><u>Groupe Animation<\/u><\/strong><\/p>\n\n\n\n<p>Missions<\/p>\n\n\n\n<ul><li>Organise des actions propres \u00e0 enrichir la convivialit\u00e9 au sein de l\u2019association.<\/li><li>Organise la f\u00eate de l\u2019association, \u00e9tablit le lien avec la f\u00eate des Amap.<\/li><li>Propose et organise des \u00e9v\u00e9nements (d\u00e9bats, sorties\u2026).<\/li><li>Diffuser des messages sur l\u2019importance de l\u2019agriculture paysanne.<\/li><\/ul>\n\n\n\n<p>R\u00f4le particulier<\/p>\n\n\n\n<p>Ce groupe pourra comprendre un \u00ab&nbsp;Ambassadeur&nbsp;\u00bb, amen\u00e9 \u00e0 porter des messages \u00e0 propos des fondamentaux et valeurs communes du mouvement des AMAP en diverses circonstances (sollicitation par une AMAP voisine en cr\u00e9ation pour intervenir \u00e0 une r\u00e9union, par un journaliste local pour parler du fonctionnement AMAP, ou par des citoyen\u00b7ne\u00b7s sur un forum des assos, demandes d\u2019\u00e9tudiants en qu\u00eate d\u2019informations, \u2026).<\/p>\n","protected":false},"excerpt":{"rendered":"<p>L\u2019Etang Aux Petits Oignons est organis\u00e9e selon diverses instances, chacune occupant un r\u00f4le sp\u00e9cifique dans le fonctionnement de l\u2019association. Le Collectif&nbsp; Le Collectif a pour r\u00f4le d\u2019animer le fonctionnement de l\u2019ensemble de l\u2019association et en particulier de coordonner et valider les travaux des diff\u00e9rents groupes de travail. Il est \u00e9galement l\u2019organe de d\u00e9cision majeur de &hellip; <\/p>\n<p class=\"link-more\"><a href=\"https:\/\/letangauxpetitsoignons.org\/index.php\/organisation-de-lassociation\/\" class=\"more-link\">Continuer la lecture<span class=\"screen-reader-text\"> de &laquo;&nbsp;Organisation de l\u2019association&nbsp;&raquo;<\/span><\/a><\/p>\n","protected":false},"author":1,"featured_media":0,"parent":0,"menu_order":0,"comment_status":"closed","ping_status":"closed","template":"","meta":{"footnotes":""},"jetpack_sharing_enabled":true,"jetpack_likes_enabled":true,"_links":{"self":[{"href":"https:\/\/letangauxpetitsoignons.org\/index.php\/wp-json\/wp\/v2\/pages\/68"}],"collection":[{"href":"https:\/\/letangauxpetitsoignons.org\/index.php\/wp-json\/wp\/v2\/pages"}],"about":[{"href":"https:\/\/letangauxpetitsoignons.org\/index.php\/wp-json\/wp\/v2\/types\/page"}],"author":[{"embeddable":true,"href":"https:\/\/letangauxpetitsoignons.org\/index.php\/wp-json\/wp\/v2\/users\/1"}],"replies":[{"embeddable":true,"href":"https:\/\/letangauxpetitsoignons.org\/index.php\/wp-json\/wp\/v2\/comments?post=68"}],"version-history":[{"count":0,"href":"https:\/\/letangauxpetitsoignons.org\/index.php\/wp-json\/wp\/v2\/pages\/68\/revisions"}],"wp:attachment":[{"href":"https:\/\/letangauxpetitsoignons.org\/index.php\/wp-json\/wp\/v2\/media?parent=68"}],"curies":[{"name":"wp","href":"https:\/\/api.w.org\/{rel}","templated":true}]}}